{"id":2922,"date":"2022-02-13T16:45:19","date_gmt":"2022-02-13T21:45:19","guid":{"rendered":"http:\/\/capillairelavallee.com\/?page_id=2922"},"modified":"2022-06-11T11:16:52","modified_gmt":"2022-06-11T15:16:52","slug":"our-team","status":"publish","type":"page","link":"https:\/\/capillairelavallee.com\/fr\/our-team","title":{"rendered":"Notre \u00c9quipe"},"content":{"rendered":"<div data-elementor-type=\"wp-page\" data-elementor-id=\"2922\" class=\"elementor elementor-2922\">\n\t\t\t\t\t\t<section class=\"elementor-section elementor-top-section elementor-element elementor-element-af4ef3e elementor-section-boxed elementor-section-height-default elementor-section-height-default\" data-id=\"af4ef3e\" data-element_type=\"section\" data-e-type=\"section\">\n\t\t\t\t\t\t<div class=\"elementor-container elementor-column-gap-no\">\n\t\t\t\t\t<div class=\"elementor-column elementor-col-100 elementor-top-column elementor-element elementor-element-e2af499\" data-id=\"e2af499\" data-element_type=\"column\" data-e-type=\"column\">\n\t\t\t<div class=\"elementor-widget-wrap elementor-element-populated\">\n\t\t\t\t\t\t<div class=\"elementor-element elementor-element-76ca819 elementor-widget elementor-widget-heading\" data-id=\"76ca819\" data-element_type=\"widget\" data-e-type=\"widget\" data-widget_type=\"heading.default\">\n\t\t\t\t<div class=\"elementor-widget-container\">\n\t\t\t\t\t<h4 class=\"elementor-heading-title elementor-size-default\">Notre \u00c9quipe<\/h4>\t\t\t\t<\/div>\n\t\t\t\t<\/div>\n\t\t\t\t\t<\/div>\n\t\t<\/div>\n\t\t\t\t\t<\/div>\n\t\t<\/section>\n\t\t\t\t<section class=\"elementor-section elementor-top-section elementor-element elementor-element-254770c elementor-section-boxed elementor-section-height-default elementor-section-height-default\" data-id=\"254770c\" data-element_type=\"section\" data-e-type=\"section\">\n\t\t\t\t\t\t<div class=\"elementor-container elementor-column-gap-no\">\n\t\t\t\t\t<div class=\"elementor-column elementor-col-50 elementor-top-column elementor-element elementor-element-ab88f28\" data-id=\"ab88f28\" data-element_type=\"column\" data-e-type=\"column\">\n\t\t\t<div class=\"elementor-widget-wrap elementor-element-populated\">\n\t\t\t\t\t\t<div class=\"elementor-element elementor-element-91ec7f2 elementor-hidden-mobile elementor-widget elementor-widget-image\" data-id=\"91ec7f2\" data-element_type=\"widget\" data-e-type=\"widget\" data-widget_type=\"image.default\">\n\t\t\t\t<div class=\"elementor-widget-container\">\n\t\t\t\t\t\t\t\t\t\t\t\t\t\t\t<img fetchpriority=\"high\" decoding=\"async\" width=\"1024\" height=\"768\" src=\"https:\/\/capillairelavallee.com\/wp-content\/uploads\/2022\/02\/Carole4-1024x768.jpg\" class=\"attachment-large size-large wp-image-2949\" alt=\"\" srcset=\"https:\/\/capillairelavallee.com\/wp-content\/uploads\/2022\/02\/Carole4-1024x768.jpg 1024w, https:\/\/capillairelavallee.com\/wp-content\/uploads\/2022\/02\/Carole4-300x225.jpg 300w, https:\/\/capillairelavallee.com\/wp-content\/uploads\/2022\/02\/Carole4-768x576.jpg 768w, https:\/\/capillairelavallee.com\/wp-content\/uploads\/2022\/02\/Carole4-1536x1152.jpg 1536w, https:\/\/capillairelavallee.com\/wp-content\/uploads\/2022\/02\/Carole4-2048x1536.jpg 2048w, https:\/\/capillairelavallee.com\/wp-content\/uploads\/2022\/02\/Carole4-16x12.jpg 16w\" sizes=\"(max-width: 1024px) 100vw, 1024px\" \/>\t\t\t\t\t\t\t\t\t\t\t\t\t\t\t<\/div>\n\t\t\t\t<\/div>\n\t\t\t\t<div class=\"elementor-element elementor-element-8322175 elementor-hidden-desktop elementor-hidden-tablet elementor-widget elementor-widget-image\" data-id=\"8322175\" data-element_type=\"widget\" data-e-type=\"widget\" data-widget_type=\"image.default\">\n\t\t\t\t<div class=\"elementor-widget-container\">\n\t\t\t\t\t\t\t\t\t\t\t\t\t\t\t<img decoding=\"async\" width=\"768\" height=\"1024\" src=\"https:\/\/capillairelavallee.com\/wp-content\/uploads\/2022\/04\/Carole-768x1024.png\" class=\"attachment-large size-large wp-image-3012\" alt=\"\" srcset=\"https:\/\/capillairelavallee.com\/wp-content\/uploads\/2022\/04\/Carole-768x1024.png 768w, https:\/\/capillairelavallee.com\/wp-content\/uploads\/2022\/04\/Carole-225x300.png 225w, https:\/\/capillairelavallee.com\/wp-content\/uploads\/2022\/04\/Carole-1152x1536.png 1152w, https:\/\/capillairelavallee.com\/wp-content\/uploads\/2022\/04\/Carole-9x12.png 9w, https:\/\/capillairelavallee.com\/wp-content\/uploads\/2022\/04\/Carole.png 1510w\" sizes=\"(max-width: 768px) 100vw, 768px\" \/>\t\t\t\t\t\t\t\t\t\t\t\t\t\t\t<\/div>\n\t\t\t\t<\/div>\n\t\t\t\t\t<\/div>\n\t\t<\/div>\n\t\t\t\t<div class=\"elementor-column elementor-col-50 elementor-top-column elementor-element elementor-element-c166249\" data-id=\"c166249\" data-element_type=\"column\" data-e-type=\"column\">\n\t\t\t<div class=\"elementor-widget-wrap elementor-element-populated\">\n\t\t\t\t\t\t<div class=\"elementor-element elementor-element-0b986d1 elementor-widget elementor-widget-heading\" data-id=\"0b986d1\" data-element_type=\"widget\" data-e-type=\"widget\" data-widget_type=\"heading.default\">\n\t\t\t\t<div class=\"elementor-widget-container\">\n\t\t\t\t\t<h4 class=\"elementor-heading-title elementor-size-default\">Carole Lavall\u00e9<\/h4>\t\t\t\t<\/div>\n\t\t\t\t<\/div>\n\t\t\t\t<div class=\"elementor-element elementor-element-c0f9555 elementor-widget elementor-widget-heading\" data-id=\"c0f9555\" data-element_type=\"widget\" data-e-type=\"widget\" data-widget_type=\"heading.default\">\n\t\t\t\t<div class=\"elementor-widget-container\">\n\t\t\t\t\t<h5 class=\"elementor-heading-title elementor-size-default\">Sp\u00e9cialiste experte en remplacement de cheveux, sp\u00e9cialiste en cheveux synth\u00e9tiques et r\u00e9parations<\/h5>\t\t\t\t<\/div>\n\t\t\t\t<\/div>\n\t\t\t\t<div class=\"elementor-element elementor-element-93d3d92 elementor-widget elementor-widget-text-editor\" data-id=\"93d3d92\" data-element_type=\"widget\" data-e-type=\"widget\" data-widget_type=\"text-editor.default\">\n\t\t\t\t<div class=\"elementor-widget-container\">\n\t\t\t\t\t\t\t\t\t<p>Carole a \u00e9t\u00e9 dipl\u00f4m\u00e9e en coiffure de Rolande St. Germain \u00e0 16 ans. Carole a ensuite travaill\u00e9 pour des salons bien connus; Cam\u00e9l\u00e9on &amp; Danbec. Il y a 30 ans, Carole a concr\u00e9tis\u00e9 sa passion et a ouvert son propre salon \u2013 Carole Lavall\u00e9e Capillaire.\u00a0<\/p>\t\t\t\t\t\t\t\t<\/div>\n\t\t\t\t<\/div>\n\t\t\t\t<div class=\"elementor-element elementor-element-d832151 elementor-widget elementor-widget-text-editor\" data-id=\"d832151\" data-element_type=\"widget\" data-e-type=\"widget\" data-widget_type=\"text-editor.default\">\n\t\t\t\t<div class=\"elementor-widget-container\">\n\t\t\t\t\t\t\t\t\t<p>Carole est une sp\u00e9cialiste experte en remplacement de cheveux et se sp\u00e9cialise dans la coupe et le coiffage des unit\u00e9s de cheveux synth\u00e9tiques, les r\u00e9parations, l'entretien et l'installation de m\u00e8ches de cheveux.\u00a0<\/p>\t\t\t\t\t\t\t\t<\/div>\n\t\t\t\t<\/div>\n\t\t\t\t<div class=\"elementor-element elementor-element-bde979a elementor-widget elementor-widget-text-editor\" data-id=\"bde979a\" data-element_type=\"widget\" data-e-type=\"widget\" data-widget_type=\"text-editor.default\">\n\t\t\t\t<div class=\"elementor-widget-container\">\n\t\t\t\t\t\t\t\t\t<p>Carole retrouve le bonheur \u00e0 repr\u00e9senter son talent extraordinaire dans tout ce qu'elle cr\u00e9e - du moment o\u00f9 elle rencontre ses clients jusqu'au moment o\u00f9 ils sortent, pleinement satisfaits de leur look.<\/p>\t\t\t\t\t\t\t\t<\/div>\n\t\t\t\t<\/div>\n\t\t\t\t<div class=\"elementor-element elementor-element-7b0413d elementor-widget elementor-widget-text-editor\" data-id=\"7b0413d\" data-element_type=\"widget\" data-e-type=\"widget\" data-widget_type=\"text-editor.default\">\n\t\t\t\t<div class=\"elementor-widget-container\">\n\t\t\t\t\t\t\t\t\t<p>Langues parl\u00e9es : anglais et fran\u00e7ais<\/p>\t\t\t\t\t\t\t\t<\/div>\n\t\t\t\t<\/div>\n\t\t\t\t\t<\/div>\n\t\t<\/div>\n\t\t\t\t\t<\/div>\n\t\t<\/section>\n\t\t\t\t<section class=\"elementor-section elementor-top-section elementor-element elementor-element-fe1b658 elementor-section-boxed elementor-section-height-default elementor-section-height-default\" data-id=\"fe1b658\" data-element_type=\"section\" data-e-type=\"section\">\n\t\t\t\t\t\t<div class=\"elementor-container elementor-column-gap-no\">\n\t\t\t\t\t<div class=\"elementor-column elementor-col-50 elementor-top-column elementor-element elementor-element-a331494\" data-id=\"a331494\" data-element_type=\"column\" data-e-type=\"column\">\n\t\t\t<div class=\"elementor-widget-wrap elementor-element-populated\">\n\t\t\t\t\t\t<div class=\"elementor-element elementor-element-417d8d3 elementor-widget elementor-widget-image\" data-id=\"417d8d3\" data-element_type=\"widget\" data-e-type=\"widget\" data-widget_type=\"image.default\">\n\t\t\t\t<div class=\"elementor-widget-container\">\n\t\t\t\t\t\t\t\t\t\t\t\t\t\t\t<img decoding=\"async\" width=\"768\" height=\"1024\" src=\"https:\/\/capillairelavallee.com\/wp-content\/uploads\/2022\/02\/Gina_work-768x1024.jpg\" class=\"attachment-large size-large wp-image-2935\" alt=\"\" srcset=\"https:\/\/capillairelavallee.com\/wp-content\/uploads\/2022\/02\/Gina_work-768x1024.jpg 768w, https:\/\/capillairelavallee.com\/wp-content\/uploads\/2022\/02\/Gina_work-225x300.jpg 225w, https:\/\/capillairelavallee.com\/wp-content\/uploads\/2022\/02\/Gina_work-9x12.jpg 9w, https:\/\/capillairelavallee.com\/wp-content\/uploads\/2022\/02\/Gina_work.jpg 1000w\" sizes=\"(max-width: 768px) 100vw, 768px\" \/>\t\t\t\t\t\t\t\t\t\t\t\t\t\t\t<\/div>\n\t\t\t\t<\/div>\n\t\t\t\t<div class=\"elementor-element elementor-element-9473d33 elementor-widget elementor-widget-heading\" data-id=\"9473d33\" data-element_type=\"widget\" data-e-type=\"widget\" data-widget_type=\"heading.default\">\n\t\t\t\t<div class=\"elementor-widget-container\">\n\t\t\t\t\t<h4 class=\"elementor-heading-title elementor-size-default\">Gina Avila<\/h4>\t\t\t\t<\/div>\n\t\t\t\t<\/div>\n\t\t\t\t<div class=\"elementor-element elementor-element-fe7cff7 elementor-widget elementor-widget-heading\" data-id=\"fe7cff7\" data-element_type=\"widget\" data-e-type=\"widget\" data-widget_type=\"heading.default\">\n\t\t\t\t<div class=\"elementor-widget-container\">\n\t\t\t\t\t<h5 class=\"elementor-heading-title elementor-size-default\">Sp\u00e9cialiste du remplacement capillaire, ma\u00eetre en coloration, en coutures et en application de Micro Beads<\/h5>\t\t\t\t<\/div>\n\t\t\t\t<\/div>\n\t\t\t\t<div class=\"elementor-element elementor-element-e17ce80 elementor-widget elementor-widget-text-editor\" data-id=\"e17ce80\" data-element_type=\"widget\" data-e-type=\"widget\" data-widget_type=\"text-editor.default\">\n\t\t\t\t<div class=\"elementor-widget-container\">\n\t\t\t\t\t\t\t\t\t<p>Gina est coiffeuse depuis 26 ans et se sp\u00e9cialise exclusivement dans les solutions de remplacement capillaire depuis 22 ans.<\/p>\t\t\t\t\t\t\t\t<\/div>\n\t\t\t\t<\/div>\n\t\t\t\t<div class=\"elementor-element elementor-element-19106f4 elementor-widget elementor-widget-text-editor\" data-id=\"19106f4\" data-element_type=\"widget\" data-e-type=\"widget\" data-widget_type=\"text-editor.default\">\n\t\t\t\t<div class=\"elementor-widget-container\">\n\t\t\t\t\t\t\t\t\t<p>Gina a travaill\u00e9 auparavant pour le Ch\u00e2teau Capillaire et le Centre Capillaire J\u00e9r\u00f4me avant de travailler pour elle-m\u00eame et de finalement rejoindre notre \u00e9quipe.<\/p>\t\t\t\t\t\t\t\t<\/div>\n\t\t\t\t<\/div>\n\t\t\t\t<div class=\"elementor-element elementor-element-baf3941 elementor-widget elementor-widget-text-editor\" data-id=\"baf3941\" data-element_type=\"widget\" data-e-type=\"widget\" data-widget_type=\"text-editor.default\">\n\t\t\t\t<div class=\"elementor-widget-container\">\n\t\t\t\t\t\t\t\t\t<p>En plus d'\u00eatre une sp\u00e9cialiste experte en remplacement de cheveux et une ma\u00eetre coloriste, Gina est \u00e9galement sp\u00e9cialis\u00e9e dans la couture et l'application de micro-perles\/micro-boucles.<\/p>\t\t\t\t\t\t\t\t<\/div>\n\t\t\t\t<\/div>\n\t\t\t\t<div class=\"elementor-element elementor-element-8ea8b73 elementor-widget elementor-widget-text-editor\" data-id=\"8ea8b73\" data-element_type=\"widget\" data-e-type=\"widget\" data-widget_type=\"text-editor.default\">\n\t\t\t\t<div class=\"elementor-widget-container\">\n\t\t\t\t\t\t\t\t\tLangues parl\u00e9es : espagnol, anglais et fran\u00e7ais\t\t\t\t\t\t\t\t<\/div>\n\t\t\t\t<\/div>\n\t\t\t\t<div class=\"elementor-element elementor-element-3e62993 elementor-widget elementor-widget-text-editor\" data-id=\"3e62993\" data-element_type=\"widget\" data-e-type=\"widget\" data-widget_type=\"text-editor.default\">\n\t\t\t\t<div class=\"elementor-widget-container\">\n\t\t\t\t\t\t\t\t\t<p>Disponible tous les jeudis et tous les autres vendredis et samedis\u00a0\u00a0<\/p>\t\t\t\t\t\t\t\t<\/div>\n\t\t\t\t<\/div>\n\t\t\t\t\t<\/div>\n\t\t<\/div>\n\t\t\t\t<div class=\"elementor-column elementor-col-50 elementor-top-column elementor-element elementor-element-55f28b8\" data-id=\"55f28b8\" data-element_type=\"column\" data-e-type=\"column\">\n\t\t\t<div class=\"elementor-widget-wrap elementor-element-populated\">\n\t\t\t\t\t\t<div class=\"elementor-element elementor-element-b633fc1 elementor-widget elementor-widget-image\" data-id=\"b633fc1\" data-element_type=\"widget\" data-e-type=\"widget\" data-widget_type=\"image.default\">\n\t\t\t\t<div class=\"elementor-widget-container\">\n\t\t\t\t\t\t\t\t\t\t\t\t\t\t\t<img loading=\"lazy\" decoding=\"async\" width=\"768\" height=\"1024\" src=\"https:\/\/capillairelavallee.com\/wp-content\/uploads\/2022\/02\/Jesscia_work-768x1024.jpg\" class=\"attachment-large size-large wp-image-2934\" alt=\"\" srcset=\"https:\/\/capillairelavallee.com\/wp-content\/uploads\/2022\/02\/Jesscia_work-768x1024.jpg 768w, https:\/\/capillairelavallee.com\/wp-content\/uploads\/2022\/02\/Jesscia_work-225x300.jpg 225w, https:\/\/capillairelavallee.com\/wp-content\/uploads\/2022\/02\/Jesscia_work-9x12.jpg 9w, https:\/\/capillairelavallee.com\/wp-content\/uploads\/2022\/02\/Jesscia_work.jpg 1000w\" sizes=\"(max-width: 768px) 100vw, 768px\" \/>\t\t\t\t\t\t\t\t\t\t\t\t\t\t\t<\/div>\n\t\t\t\t<\/div>\n\t\t\t\t<div class=\"elementor-element elementor-element-554d1a5 elementor-widget elementor-widget-heading\" data-id=\"554d1a5\" data-element_type=\"widget\" data-e-type=\"widget\" data-widget_type=\"heading.default\">\n\t\t\t\t<div class=\"elementor-widget-container\">\n\t\t\t\t\t<h4 class=\"elementor-heading-title elementor-size-default\">Jessica Bertrand<\/h4>\t\t\t\t<\/div>\n\t\t\t\t<\/div>\n\t\t\t\t<div class=\"elementor-element elementor-element-0d42ca3 elementor-widget elementor-widget-heading\" data-id=\"0d42ca3\" data-element_type=\"widget\" data-e-type=\"widget\" data-widget_type=\"heading.default\">\n\t\t\t\t<div class=\"elementor-widget-container\">\n\t\t\t\t\t<h5 class=\"elementor-heading-title elementor-size-default\">Sp\u00e9cialiste en remplacement capillaire, ma\u00eetre coloriste<\/h5>\t\t\t\t<\/div>\n\t\t\t\t<\/div>\n\t\t\t\t<div class=\"elementor-element elementor-element-c39f3b9 elementor-widget elementor-widget-text-editor\" data-id=\"c39f3b9\" data-element_type=\"widget\" data-e-type=\"widget\" data-widget_type=\"text-editor.default\">\n\t\t\t\t<div class=\"elementor-widget-container\">\n\t\t\t\t\t\t\t\t\t<p>Jessica est coiffeuse qualifi\u00e9e depuis 2007. Peu de temps apr\u00e8s, la passion et l'exp\u00e9rience de Jessica lui ont valu d'autres qualifications en remplacement capillaire, en trichologie et en coloration.\u00a0<\/p>\t\t\t\t\t\t\t\t<\/div>\n\t\t\t\t<\/div>\n\t\t\t\t<div class=\"elementor-element elementor-element-608c3e0 elementor-widget elementor-widget-text-editor\" data-id=\"608c3e0\" data-element_type=\"widget\" data-e-type=\"widget\" data-widget_type=\"text-editor.default\">\n\t\t\t\t<div class=\"elementor-widget-container\">\n\t\t\t\t\t\t\t\t\t<p>Jessica a \u00e9galement enseign\u00e9 la coloration et la trichologie, ainsi qu'\u00e0 d\u00e9montrer ses talents lors de conf\u00e9rences avant de se joindre \u00e0 notre \u00e9quipe.\u00a0<\/p>\t\t\t\t\t\t\t\t<\/div>\n\t\t\t\t<\/div>\n\t\t\t\t<div class=\"elementor-element elementor-element-4c43f62 elementor-widget elementor-widget-text-editor\" data-id=\"4c43f62\" data-element_type=\"widget\" data-e-type=\"widget\" data-widget_type=\"text-editor.default\">\n\t\t\t\t<div class=\"elementor-widget-container\">\n\t\t\t\t\t\t\t\t\t<p>Jessica se passionne \u00e0 aider les personnes souffrant de perte de cheveux \u00e0 trouver la meilleure solution dans un environnement s\u00fbr et attentionn\u00e9.<\/p>\t\t\t\t\t\t\t\t<\/div>\n\t\t\t\t<\/div>\n\t\t\t\t<div class=\"elementor-element elementor-element-687675f elementor-widget elementor-widget-text-editor\" data-id=\"687675f\" data-element_type=\"widget\" data-e-type=\"widget\" data-widget_type=\"text-editor.default\">\n\t\t\t\t<div class=\"elementor-widget-container\">\n\t\t\t\t\t\t\t\t\t<p>Langues parl\u00e9es : anglais et fran\u00e7ais<\/p>\t\t\t\t\t\t\t\t<\/div>\n\t\t\t\t<\/div>\n\t\t\t\t<div class=\"elementor-element elementor-element-57ffc1a elementor-widget elementor-widget-text-editor\" data-id=\"57ffc1a\" data-element_type=\"widget\" data-e-type=\"widget\" data-widget_type=\"text-editor.default\">\n\t\t\t\t<div class=\"elementor-widget-container\">\n\t\t\t\t\t\t\t\t\t<p>Disponible tous les jeudis et vendredis&nbsp;<\/p>\t\t\t\t\t\t\t\t<\/div>\n\t\t\t\t<\/div>\n\t\t\t\t\t<\/div>\n\t\t<\/div>\n\t\t\t\t\t<\/div>\n\t\t<\/section>\n\t\t\t\t<\/div>","protected":false},"excerpt":{"rendered":"<p>Our Team Carole Lavall\u00e9 Expert Hair Replacement Specialist, Synthetic Hair Specialist and Repairs Carole graduated in Hairdressing from Rolande St. Germain at 16 years old, and went on to work for some well known salons &#8211; Cameleon &amp; Danbec. 30 years ago, she materialized her passion and opened up her own salon &#8211; Carole Lavallee [&hellip;]<\/p>\n","protected":false},"author":1,"featured_media":0,"parent":0,"menu_order":0,"comment_status":"closed","ping_status":"closed","template":"","meta":{"iawp_total_views":147,"footnotes":""},"class_list":["post-2922","page","type-page","status-publish","hentry"],"blocksy_meta":{"styles_descriptor":{"styles":{"desktop":"","tablet":"","mobile":""},"google_fonts":[],"version":6}},"yoast_head":"<!-- This site is optimized with the Yoast SEO plugin v27.5 - https:\/\/yoast.com\/product\/yoast-seo-wordpress\/ -->\n<title>Our Team - Clinic Capillaire Lavallee<\/title>\n<meta name=\"robots\" content=\"index, follow, max-snippet:-1, max-image-preview:large, max-video-preview:-1\" \/>\n<link rel=\"canonical\" href=\"https:\/\/capillairelavallee.com\/fr\/our-team\/\" \/>\n<meta property=\"og:locale\" content=\"fr_CA\" \/>\n<meta property=\"og:type\" content=\"article\" \/>\n<meta property=\"og:title\" content=\"Our Team - Clinic Capillaire Lavallee\" \/>\n<meta property=\"og:description\" content=\"Our Team Carole Lavall\u00e9 Expert Hair Replacement Specialist, Synthetic Hair Specialist and Repairs Carole graduated in Hairdressing from Rolande St. Germain at 16 years old, and went on to work for some well known salons &#8211; Cameleon &amp; Danbec. 30 years ago, she materialized her passion and opened up her own salon &#8211; Carole Lavallee [&hellip;]\" \/>\n<meta property=\"og:url\" content=\"https:\/\/capillairelavallee.com\/fr\/our-team\/\" \/>\n<meta property=\"og:site_name\" content=\"Clinic Capillaire Lavallee\" \/>\n<meta property=\"article:publisher\" content=\"https:\/\/www.facebook.com\/capillairelavallee\/\" \/>\n<meta property=\"article:modified_time\" content=\"2022-06-11T15:16:52+00:00\" \/>\n<meta property=\"og:image\" content=\"http:\/\/capillairelavallee.com\/wp-content\/uploads\/2022\/02\/Carole4-1024x768.jpg\" \/>\n<meta name=\"twitter:card\" content=\"summary_large_image\" \/>\n<meta name=\"twitter:label1\" content=\"Estimation du temps de lecture\" \/>\n\t<meta name=\"twitter:data1\" content=\"3 minutes\" \/>\n<script type=\"application\/ld+json\" class=\"yoast-schema-graph\">{\"@context\":\"https:\\\/\\\/schema.org\",\"@graph\":[{\"@type\":\"WebPage\",\"@id\":\"https:\\\/\\\/capillairelavallee.com\\\/our-team\",\"url\":\"https:\\\/\\\/capillairelavallee.com\\\/our-team\",\"name\":\"Our Team - Clinic Capillaire Lavallee\",\"isPartOf\":{\"@id\":\"https:\\\/\\\/capillairelavallee.com\\\/#website\"},\"primaryImageOfPage\":{\"@id\":\"https:\\\/\\\/capillairelavallee.com\\\/our-team#primaryimage\"},\"image\":{\"@id\":\"https:\\\/\\\/capillairelavallee.com\\\/our-team#primaryimage\"},\"thumbnailUrl\":\"http:\\\/\\\/capillairelavallee.com\\\/wp-content\\\/uploads\\\/2022\\\/02\\\/Carole4-1024x768.jpg\",\"datePublished\":\"2022-02-13T21:45:19+00:00\",\"dateModified\":\"2022-06-11T15:16:52+00:00\",\"breadcrumb\":{\"@id\":\"https:\\\/\\\/capillairelavallee.com\\\/our-team#breadcrumb\"},\"inLanguage\":\"fr-CA\",\"potentialAction\":[{\"@type\":\"ReadAction\",\"target\":[\"https:\\\/\\\/capillairelavallee.com\\\/our-team\"]}]},{\"@type\":\"ImageObject\",\"inLanguage\":\"fr-CA\",\"@id\":\"https:\\\/\\\/capillairelavallee.com\\\/our-team#primaryimage\",\"url\":\"http:\\\/\\\/capillairelavallee.com\\\/wp-content\\\/uploads\\\/2022\\\/02\\\/Carole4-1024x768.jpg\",\"contentUrl\":\"http:\\\/\\\/capillairelavallee.com\\\/wp-content\\\/uploads\\\/2022\\\/02\\\/Carole4-1024x768.jpg\"},{\"@type\":\"BreadcrumbList\",\"@id\":\"https:\\\/\\\/capillairelavallee.com\\\/our-team#breadcrumb\",\"itemListElement\":[{\"@type\":\"ListItem\",\"position\":1,\"name\":\"Home\",\"item\":\"https:\\\/\\\/capillairelavallee.com\\\/\"},{\"@type\":\"ListItem\",\"position\":2,\"name\":\"Our Team\"}]},{\"@type\":\"WebSite\",\"@id\":\"https:\\\/\\\/capillairelavallee.com\\\/#website\",\"url\":\"https:\\\/\\\/capillairelavallee.com\\\/\",\"name\":\"Clinic Capillaire Lavallee\",\"description\":\"Simply A Better Hair Shop\",\"publisher\":{\"@id\":\"https:\\\/\\\/capillairelavallee.com\\\/#organization\"},\"potentialAction\":[{\"@type\":\"SearchAction\",\"target\":{\"@type\":\"EntryPoint\",\"urlTemplate\":\"https:\\\/\\\/capillairelavallee.com\\\/?s={search_term_string}\"},\"query-input\":{\"@type\":\"PropertyValueSpecification\",\"valueRequired\":true,\"valueName\":\"search_term_string\"}}],\"inLanguage\":\"fr-CA\"},{\"@type\":\"Organization\",\"@id\":\"https:\\\/\\\/capillairelavallee.com\\\/#organization\",\"name\":\"Clinic Capillaire lavallee\",\"url\":\"https:\\\/\\\/capillairelavallee.com\\\/\",\"logo\":{\"@type\":\"ImageObject\",\"inLanguage\":\"fr-CA\",\"@id\":\"https:\\\/\\\/capillairelavallee.com\\\/#\\\/schema\\\/logo\\\/image\\\/\",\"url\":\"https:\\\/\\\/capillairelavallee.com\\\/wp-content\\\/uploads\\\/2022\\\/07\\\/logo4.png\",\"contentUrl\":\"https:\\\/\\\/capillairelavallee.com\\\/wp-content\\\/uploads\\\/2022\\\/07\\\/logo4.png\",\"width\":500,\"height\":500,\"caption\":\"Clinic Capillaire lavallee\"},\"image\":{\"@id\":\"https:\\\/\\\/capillairelavallee.com\\\/#\\\/schema\\\/logo\\\/image\\\/\"},\"sameAs\":[\"https:\\\/\\\/www.facebook.com\\\/capillairelavallee\\\/\"]}]}<\/script>\n<!-- \/ Yoast SEO plugin. -->","yoast_head_json":{"title":"Our Team - Clinic Capillaire Lavallee","robots":{"index":"index","follow":"follow","max-snippet":"max-snippet:-1","max-image-preview":"max-image-preview:large","max-video-preview":"max-video-preview:-1"},"canonical":"https:\/\/capillairelavallee.com\/fr\/our-team\/","og_locale":"fr_CA","og_type":"article","og_title":"Our Team - Clinic Capillaire Lavallee","og_description":"Our Team Carole Lavall\u00e9 Expert Hair Replacement Specialist, Synthetic Hair Specialist and Repairs Carole graduated in Hairdressing from Rolande St. Germain at 16 years old, and went on to work for some well known salons &#8211; Cameleon &amp; Danbec. 30 years ago, she materialized her passion and opened up her own salon &#8211; Carole Lavallee [&hellip;]","og_url":"https:\/\/capillairelavallee.com\/fr\/our-team\/","og_site_name":"Clinic Capillaire Lavallee","article_publisher":"https:\/\/www.facebook.com\/capillairelavallee\/","article_modified_time":"2022-06-11T15:16:52+00:00","og_image":[{"url":"http:\/\/capillairelavallee.com\/wp-content\/uploads\/2022\/02\/Carole4-1024x768.jpg","type":"","width":"","height":""}],"twitter_card":"summary_large_image","twitter_misc":{"Estimation du temps de lecture":"3 minutes"},"schema":{"@context":"https:\/\/schema.org","@graph":[{"@type":"WebPage","@id":"https:\/\/capillairelavallee.com\/our-team","url":"https:\/\/capillairelavallee.com\/our-team","name":"Our Team - Clinic Capillaire Lavallee","isPartOf":{"@id":"https:\/\/capillairelavallee.com\/#website"},"primaryImageOfPage":{"@id":"https:\/\/capillairelavallee.com\/our-team#primaryimage"},"image":{"@id":"https:\/\/capillairelavallee.com\/our-team#primaryimage"},"thumbnailUrl":"http:\/\/capillairelavallee.com\/wp-content\/uploads\/2022\/02\/Carole4-1024x768.jpg","datePublished":"2022-02-13T21:45:19+00:00","dateModified":"2022-06-11T15:16:52+00:00","breadcrumb":{"@id":"https:\/\/capillairelavallee.com\/our-team#breadcrumb"},"inLanguage":"fr-CA","potentialAction":[{"@type":"ReadAction","target":["https:\/\/capillairelavallee.com\/our-team"]}]},{"@type":"ImageObject","inLanguage":"fr-CA","@id":"https:\/\/capillairelavallee.com\/our-team#primaryimage","url":"http:\/\/capillairelavallee.com\/wp-content\/uploads\/2022\/02\/Carole4-1024x768.jpg","contentUrl":"http:\/\/capillairelavallee.com\/wp-content\/uploads\/2022\/02\/Carole4-1024x768.jpg"},{"@type":"BreadcrumbList","@id":"https:\/\/capillairelavallee.com\/our-team#breadcrumb","itemListElement":[{"@type":"ListItem","position":1,"name":"Home","item":"https:\/\/capillairelavallee.com\/"},{"@type":"ListItem","position":2,"name":"Our Team"}]},{"@type":"WebSite","@id":"https:\/\/capillairelavallee.com\/#website","url":"https:\/\/capillairelavallee.com\/","name":"Clinic Capillaire Lavallee","description":"Simply A Better Hair Shop","publisher":{"@id":"https:\/\/capillairelavallee.com\/#organization"},"potentialAction":[{"@type":"SearchAction","target":{"@type":"EntryPoint","urlTemplate":"https:\/\/capillairelavallee.com\/?s={search_term_string}"},"query-input":{"@type":"PropertyValueSpecification","valueRequired":true,"valueName":"search_term_string"}}],"inLanguage":"fr-CA"},{"@type":"Organization","@id":"https:\/\/capillairelavallee.com\/#organization","name":"Clinic Capillaire lavallee","url":"https:\/\/capillairelavallee.com\/","logo":{"@type":"ImageObject","inLanguage":"fr-CA","@id":"https:\/\/capillairelavallee.com\/#\/schema\/logo\/image\/","url":"https:\/\/capillairelavallee.com\/wp-content\/uploads\/2022\/07\/logo4.png","contentUrl":"https:\/\/capillairelavallee.com\/wp-content\/uploads\/2022\/07\/logo4.png","width":500,"height":500,"caption":"Clinic Capillaire lavallee"},"image":{"@id":"https:\/\/capillairelavallee.com\/#\/schema\/logo\/image\/"},"sameAs":["https:\/\/www.facebook.com\/capillairelavallee\/"]}]}},"_links":{"self":[{"href":"https:\/\/capillairelavallee.com\/fr\/wp-json\/wp\/v2\/pages\/2922","targetHints":{"allow":["GET"]}}],"collection":[{"href":"https:\/\/capillairelavallee.com\/fr\/wp-json\/wp\/v2\/pages"}],"about":[{"href":"https:\/\/capillairelavallee.com\/fr\/wp-json\/wp\/v2\/types\/page"}],"author":[{"embeddable":true,"href":"https:\/\/capillairelavallee.com\/fr\/wp-json\/wp\/v2\/users\/1"}],"replies":[{"embeddable":true,"href":"https:\/\/capillairelavallee.com\/fr\/wp-json\/wp\/v2\/comments?post=2922"}],"version-history":[{"count":152,"href":"https:\/\/capillairelavallee.com\/fr\/wp-json\/wp\/v2\/pages\/2922\/revisions"}],"predecessor-version":[{"id":3221,"href":"https:\/\/capillairelavallee.com\/fr\/wp-json\/wp\/v2\/pages\/2922\/revisions\/3221"}],"wp:attachment":[{"href":"https:\/\/capillairelavallee.com\/fr\/wp-json\/wp\/v2\/media?parent=2922"}],"curies":[{"name":"wp","href":"https:\/\/api.w.org\/{rel}","templated":true}]}}